{"id":2,"date":"2024-04-29T15:53:47","date_gmt":"2024-04-29T13:53:47","guid":{"rendered":"https:\/\/seminar.widex.cz\/pedaudiologie2\/?page_id=2"},"modified":"2025-01-14T18:06:58","modified_gmt":"2025-01-14T17:06:58","slug":"uvod","status":"publish","type":"page","link":"https:\/\/seminar.widex.cz\/pedaudiologie2\/","title":{"rendered":"\u00davod"},"content":{"rendered":"\t\t<div data-elementor-type=\"wp-page\" data-elementor-id=\"2\" class=\"elementor elementor-2\" data-elementor-post-type=\"page\">\n\t\t\t\t<div class=\"elementor-element elementor-element-37591b24 e-con-full e-flex e-con e-parent\" data-id=\"37591b24\" data-element_type=\"container\">\n\t\t<div class=\"elementor-element elementor-element-3938813e e-con-full e-flex e-con e-child\" data-id=\"3938813e\" data-element_type=\"container\">\n\t\t\t\t<div class=\"elementor-element elementor-element-585c1dd8 elementor-widget elementor-widget-heading\" data-id=\"585c1dd8\" data-element_type=\"widget\" data-widget_type=\"heading.default\">\n\t\t\t\t<div class=\"elementor-widget-container\">\n\t\t\t\t\t<h1 class=\"elementor-heading-title elementor-size-default\"><b>PEDAUDIOLOGIE II<\/b> <br \/> DVOUDENN\u00cd ODBORN\u00dd KURZ<br \/>\nPraha, 14. -15. b\u0159ezna 2025<\/h1>\t\t\t\t<\/div>\n\t\t\t\t<\/div>\n\t\t\t\t<div class=\"elementor-element elementor-element-0a5d635 elementor-widget elementor-widget-heading\" data-id=\"0a5d635\" data-element_type=\"widget\" data-widget_type=\"heading.default\">\n\t\t\t\t<div class=\"elementor-widget-container\">\n\t\t\t\t\t<h2 class=\"elementor-heading-title elementor-size-default\">Z\u00c1KLADN\u00cd INFORMACE O KURZU<\/h2>\t\t\t\t<\/div>\n\t\t\t\t<\/div>\n\t\t\t\t<div class=\"elementor-element elementor-element-65d35c93 elementor-widget elementor-widget-text-editor\" data-id=\"65d35c93\" data-element_type=\"widget\" data-widget_type=\"text-editor.default\">\n\t\t\t\t<div class=\"elementor-widget-container\">\n\t\t\t\t\t\t\t\t\t<p>Dovolujeme si v\u00e1s pozvat na odborn\u00fd kurz s pedaudiologickou t\u00e9matikou, kter\u00fd navazuje na t\u00e9mata prvn\u00edho kurzu v\u00a0\u0159\u00edjnu 2024, ale z\u00e1rove\u0148 p\u0159in\u00e1\u0161\u00ed nov\u00e1 t\u00e9mata a okruhy, zahrnuj\u00edc\u00ed mimo jin\u00e9 diagnostiku objektivn\u00edmi vy\u0161et\u0159ovac\u00edmi metodami nebo problematiku kochle\u00e1rn\u00edch implant\u00e1t\u016f u d\u011bt\u00ed.<\/p><p>Kurz je ur\u010den p\u0159edev\u0161\u00edm pro odborn\u00edky z obor\u016f foniatrie, otorinolaryngologie, zam\u011bstnance nov\u011b vznikaj\u00edc\u00edch pedaudiologick\u00fdch center, center ran\u00e9 p\u00e9\u010de, pedaudiology, surdopedy a dal\u0161\u00ed odborn\u00edky, kte\u0159\u00ed pracuj\u00ed s d\u011btmi se sluchov\u00fdm posti\u017een\u00edm.<\/p><p>Akce bude za\u0159azena do kreditn\u00edho syst\u00e9mu a dle stavovsk\u00fdch pravidel ohodnocena kredity \u010cLK.<\/p>\t\t\t\t\t\t\t\t<\/div>\n\t\t\t\t<\/div>\n\t\t\t\t<\/div>\n\t\t<div class=\"elementor-element elementor-element-70b39790 e-con-full e-flex e-con e-child\" data-id=\"70b39790\" data-element_type=\"container\" data-settings=\"{&quot;background_background&quot;:&quot;classic&quot;,&quot;background_motion_fx_motion_fx_scrolling&quot;:&quot;yes&quot;,&quot;background_motion_fx_scale_effect&quot;:&quot;yes&quot;,&quot;background_motion_fx_scale_range&quot;:{&quot;unit&quot;:&quot;%&quot;,&quot;size&quot;:&quot;&quot;,&quot;sizes&quot;:{&quot;start&quot;:50,&quot;end&quot;:100}},&quot;background_motion_fx_scale_direction&quot;:&quot;out-in&quot;,&quot;background_motion_fx_scale_speed&quot;:{&quot;unit&quot;:&quot;px&quot;,&quot;size&quot;:4,&quot;sizes&quot;:[]},&quot;background_motion_fx_devices&quot;:[&quot;desktop&quot;,&quot;tablet&quot;,&quot;mobile&quot;]}\">\n\t\t\t\t<\/div>\n\t\t\t\t<\/div>\n\t\t<div class=\"elementor-element elementor-element-3fc32099 e-con-full e-flex e-con e-parent\" data-id=\"3fc32099\" data-element_type=\"container\" id=\"termin\" data-settings=\"{&quot;background_background&quot;:&quot;gradient&quot;}\">\n\t\t<div class=\"elementor-element elementor-element-669f7116 e-con-full e-flex e-con e-child\" data-id=\"669f7116\" data-element_type=\"container\">\n\t\t\t\t<div class=\"elementor-element elementor-element-5e9d6719 elementor-widget-tablet__width-inherit elementor-cta--skin-classic elementor-animated-content elementor-bg-transform elementor-bg-transform-zoom-in elementor-widget elementor-widget-call-to-action\" data-id=\"5e9d6719\" data-element_type=\"widget\" data-widget_type=\"call-to-action.default\">\n\t\t\t\t<div class=\"elementor-widget-container\">\n\t\t\t\t\t\t\t<div class=\"elementor-cta\">\n\t\t\t\t\t<div class=\"elementor-cta__bg-wrapper\">\n\t\t\t\t<div class=\"elementor-cta__bg elementor-bg\" style=\"background-image: url(https:\/\/seminar.widex.cz\/pedaudiologie2\/wp-content\/uploads\/2024\/04\/PED2.jpg);\" role=\"img\" aria-label=\"PED2\"><\/div>\n\t\t\t\t<div class=\"elementor-cta__bg-overlay\"><\/div>\n\t\t\t<\/div>\n\t\t\t\t\t\t\t\t<\/div>\n\t\t\t\t\t\t<\/div>\n\t\t\t\t<\/div>\n\t\t\t\t<div class=\"elementor-element elementor-element-220afbe9 elementor-widget__width-initial elementor-absolute elementor-widget elementor-widget-spacer\" data-id=\"220afbe9\" data-element_type=\"widget\" data-settings=\"{&quot;_position&quot;:&quot;absolute&quot;}\" data-widget_type=\"spacer.default\">\n\t\t\t\t<div class=\"elementor-widget-container\">\n\t\t\t\t\t\t\t<div class=\"elementor-spacer\">\n\t\t\t<div class=\"elementor-spacer-inner\"><\/div>\n\t\t<\/div>\n\t\t\t\t\t\t<\/div>\n\t\t\t\t<\/div>\n\t\t\t\t<\/div>\n\t\t<div class=\"elementor-element elementor-element-7b141916 e-con-full e-flex e-con e-child\" data-id=\"7b141916\" data-element_type=\"container\">\n\t\t\t\t<div class=\"elementor-element elementor-element-3fd79daa elementor-widget elementor-widget-heading\" data-id=\"3fd79daa\" data-element_type=\"widget\" data-widget_type=\"heading.default\">\n\t\t\t\t<div class=\"elementor-widget-container\">\n\t\t\t\t\t<h2 class=\"elementor-heading-title elementor-size-default\"><b>TERM\u00cdN <\/b> A M\u00cdSTO KON\u00c1N\u00cd<\/h2>\t\t\t\t<\/div>\n\t\t\t\t<\/div>\n\t\t\t\t<div class=\"elementor-element elementor-element-2b3873bf elementor-widget elementor-widget-text-editor\" data-id=\"2b3873bf\" data-element_type=\"widget\" data-widget_type=\"text-editor.default\">\n\t\t\t\t<div class=\"elementor-widget-container\">\n\t\t\t\t\t\t\t\t\t<table><tbody><tr><td>Term\u00edn<\/td><td>14. -15. b\u0159ezna 2025<\/td><\/tr><tr><td>Rozsah odborn\u00e9 \u010d\u00e1sti<\/td><td>12 hodin<br \/>14. b\u0159ezna 8 hodin, 15. b\u0159ezna 4 hodiny<\/td><\/tr><tr><td>M\u00edsto kon\u00e1n\u00ed<\/td><td>Praha<br \/>Grand hotel International Prague, Koulova 15, Praha 6\u00a0<br \/><a href=\"https:\/\/www.hotelint.cz\/\" target=\"_blank\" rel=\"noopener\" data-saferedirecturl=\"https:\/\/www.google.com\/url?q=https:\/\/www.hotelint.cz\/&amp;source=gmail&amp;ust=1726241590210000&amp;usg=AOvVaw3nNtYu6NJ9MsVJqCqoORIk\">Grand hotel International Prague ****<\/a><\/td><\/tr><tr><td>Lekto\u0159i<\/td><td><p>MUDr. Zdenka Aksenovov\u00e1 Ph.D.<br \/>Prof. MUDr. Zden\u011bk \u010cada, Ph.D. <br \/>MUDr. Jakub Dr\u0161ata, Ph.D.<br \/>MUDr. Radan Havl\u00edk, Ph.D.<br \/>MUDr. Radka Kreml\u00edkov\u00e1 Pourov\u00e1, Ph.D.<br \/>MUDr. Luk\u00e1\u0161 Lavi\u010dka<\/p><\/td><\/tr><tr><td>Dopravn\u00ed spojen\u00ed<\/td><td><p>Metro A \u2013 stanice Dejvick\u00e1 (p\u011b\u0161ky cca 1,5km), n\u00e1sledn\u011b:<br \/>Tram \u010d. 8, 18 \u2013 stanice N\u00e1dra\u017e\u00ed Podbaba<br \/>Bus \u010d. 107, 147 \u2013 stanice \u010c\u00ednsk\u00e1<\/p><\/td><\/tr><tr><td>Parkov\u00e1n\u00ed<\/td><td><p>V\u00a0hotelu \u2013 300K\u010d \/ den<br \/>V\u00a0okol\u00ed hotelu \u2013 fialov\u00e9 z\u00f3ny \u2013 50K\u010d \/ hod (So zdarma)<\/p><\/td><\/tr><tr><td>Ubytov\u00e1n\u00ed<\/td><td>V p\u0159\u00edpad\u011b z\u00e1jmu o ubytov\u00e1n\u00ed p\u0159\u00edmo v m\u00edst\u011b kon\u00e1n\u00ed uve\u010fte p\u0159i telefonick\u00e9 nebo emailov\u00e9 rezervaci heslo Pedaudiologie<\/td><\/tr><tr><td>Ob\u010derstven\u00ed<\/td><td>\u00da\u010dastn\u00edk\u016fm kurzu bude spole\u010dnost\u00ed Widex ve p\u00e1tek zaji\u0161t\u011bn ob\u011bd a k\u00e1vov\u00e1 p\u0159est\u00e1vka. Po celou dobu kurzu pak budou k dispozici n\u00e1poje (voda, k\u00e1va a \u010daj).<\/td><\/tr><\/tbody><\/table>\t\t\t\t\t\t\t\t<\/div>\n\t\t\t\t<\/div>\n\t\t\t\t<\/div>\n\t\t\t\t<\/div>\n\t\t<div class=\"elementor-element elementor-element-60e1a08 e-flex e-con-boxed e-con e-parent\" data-id=\"60e1a08\" data-element_type=\"container\" id=\"program\">\n\t\t\t\t\t<div class=\"e-con-inner\">\n\t\t\t\t<div class=\"elementor-element elementor-element-356309c2 elementor-widget elementor-widget-heading\" data-id=\"356309c2\" data-element_type=\"widget\" data-widget_type=\"heading.default\">\n\t\t\t\t<div class=\"elementor-widget-container\">\n\t\t\t\t\t<h2 class=\"elementor-heading-title elementor-size-default\"><b>PROGRAM KURZU<\/b>\n\n<\/h2>\t\t\t\t<\/div>\n\t\t\t\t<\/div>\n\t\t\t\t\t<\/div>\n\t\t\t\t<\/div>\n\t\t<div class=\"elementor-element elementor-element-98aeb92 e-flex e-con-boxed e-con e-parent\" data-id=\"98aeb92\" data-element_type=\"container\">\n\t\t\t\t\t<div class=\"e-con-inner\">\n\t\t<div class=\"elementor-element elementor-element-56083ff e-con-full e-flex e-con e-child\" data-id=\"56083ff\" data-element_type=\"container\">\n\t\t\t\t<div class=\"elementor-element elementor-element-2a6c7e2 elementor-widget elementor-widget-text-editor\" data-id=\"2a6c7e2\" data-element_type=\"widget\" data-widget_type=\"text-editor.default\">\n\t\t\t\t<div class=\"elementor-widget-container\">\n\t\t\t\t\t\t\t\t\t<h3>P\u00e1tek 14. b\u0159ezna 2025<\/h3><p>8:30 registrace<br \/>9:00 \u2013 18:00 p\u0159edn\u00e1\u0161ky<\/p><ul><li class=\"m_-7990456385563241430MsoListParagraph\">Spolupr\u00e1ce pedaudiologick\u00fdch center s m\u00edstn\u00edm foniatrem<u><\/u><u><\/u><\/li><li class=\"m_-7990456385563241430MsoListParagraph\">Pedaudiologie v praxi \u2013 kazuistiky<u><\/u><u><\/u><\/li><li class=\"m_-7990456385563241430MsoListParagraph\">P\u00e9\u010de o sluchov\u011b posti\u017een\u00e9 d\u00edt\u011b s velmi t\u011b\u017ekou sluchovou vadou<u><\/u><u><\/u><\/li><li class=\"m_-7990456385563241430MsoListParagraph\">Praktick\u00fd postup nastavov\u00e1n\u00ed sluchadel dle sluchov\u00e9 kapacity a pr\u016fb\u011b\u017en\u00e9 verifikace sluchov\u00e9 percepce d\u00edt\u011bte<u><\/u><u><\/u><\/li><li class=\"m_-7990456385563241430MsoListParagraph\">V\u00fdznam genetick\u00e9ho vy\u0161et\u0159en\u00ed u d\u011bt\u00ed se sluchovou vadou \u2013 pohled foniatra<u><\/u><u><\/u><\/li><li class=\"m_-7990456385563241430MsoListParagraph\">Novinky v oblasti genov\u00e9 terapie<\/li><\/ul>\t\t\t\t\t\t\t\t<\/div>\n\t\t\t\t<\/div>\n\t\t\t\t<\/div>\n\t\t<div class=\"elementor-element elementor-element-4ad72a0 e-con-full e-flex e-con e-child\" data-id=\"4ad72a0\" data-element_type=\"container\">\n\t\t\t\t<div class=\"elementor-element elementor-element-05930d8 elementor-widget elementor-widget-text-editor\" data-id=\"05930d8\" data-element_type=\"widget\" data-widget_type=\"text-editor.default\">\n\t\t\t\t<div class=\"elementor-widget-container\">\n\t\t\t\t\t\t\t\t\t<h3>Sobota 15. b\u0159ezna 2025<\/h3><p>9:00 \u2013 13:00 p\u0159edn\u00e1\u0161ky<\/p><ul type=\"disc\"><li class=\"m_-7990456385563241430MsoListParagraph\">Jednostrann\u00e1 hluchota \u2013 definice a mo\u017enosti \u0159e\u0161en\u00ed<u><\/u><u><\/u><\/li><li class=\"m_-7990456385563241430MsoListParagraph\">Sluchov\u00fd kmenov\u00fd implant\u00e1t u d\u011bt\u00ed<u><\/u><u><\/u><\/li><li class=\"m_-7990456385563241430MsoListParagraph\">Kdy\u017e sluchadla nesta\u010d\u00ed \u2013 nov\u00e1 indika\u010dn\u00ed krit\u00e9ria CI, hrani\u010dn\u00ed sluch<u><\/u><u><\/u><\/li><li class=\"m_-7990456385563241430MsoListParagraph\">Vy\u0161et\u0159en\u00ed sluchov\u00fdch evokovan\u00fdch potenci\u00e1l\u016f v\u00a0pedaudiologie<u><\/u><u><\/u><\/li><li class=\"m_-7990456385563241430MsoListParagraph\">P\u0159\u00ednosy a \u00faskal\u00ed jednotliv\u00fdch metod objektivn\u00ed audiometrie<\/li><\/ul>\t\t\t\t\t\t\t\t<\/div>\n\t\t\t\t<\/div>\n\t\t\t\t<\/div>\n\t\t\t\t\t<\/div>\n\t\t\t\t<\/div>\n\t\t<div class=\"elementor-element elementor-element-f8ee3a2 e-flex e-con-boxed e-con e-parent\" data-id=\"f8ee3a2\" data-element_type=\"container\" id=\"platba\">\n\t\t\t\t\t<div class=\"e-con-inner\">\n\t\t\t\t<div class=\"elementor-element elementor-element-e2a780b elementor-widget elementor-widget-heading\" data-id=\"e2a780b\" data-element_type=\"widget\" id=\"kontakty\" data-widget_type=\"heading.default\">\n\t\t\t\t<div class=\"elementor-widget-container\">\n\t\t\t\t\t<h2 class=\"elementor-heading-title elementor-size-default\">PLATBA KURZU\n<\/h2>\t\t\t\t<\/div>\n\t\t\t\t<\/div>\n\t\t\t\t\t<\/div>\n\t\t\t\t<\/div>\n\t\t<div class=\"elementor-element elementor-element-c988665 e-flex e-con-boxed e-con e-parent\" data-id=\"c988665\" data-element_type=\"container\">\n\t\t\t\t\t<div class=\"e-con-inner\">\n\t\t<div class=\"elementor-element elementor-element-b78c515 e-con-full e-flex e-con e-child\" data-id=\"b78c515\" data-element_type=\"container\">\n\t\t\t\t<div class=\"elementor-element elementor-element-53ef66c elementor-widget elementor-widget-text-editor\" data-id=\"53ef66c\" data-element_type=\"widget\" data-widget_type=\"text-editor.default\">\n\t\t\t\t<div class=\"elementor-widget-container\">\n\t\t\t\t\t\t\t\t\t<p>\u00da\u010dastnick\u00fd poplatek<\/p><p><strong>\u010casn\u00e1 registrace do 31. ledna 3.500 K\u010d<\/strong><\/p><p>Pozdn\u00ed registrace od 1. \u00fanora 4.500 K\u010d<\/p><p>\u00dahradu \u00fa\u010dastnick\u00e9ho poplatku prove\u010fte a\u017e po vypln\u011bn\u00ed a odesl\u00e1n\u00ed registra\u010dn\u00edho formul\u00e1\u0159e na z\u00e1klad\u011b informac\u00ed v n\u011bm uveden\u00fdch.<\/p><p>Storno poplatek: do 30 dn\u016f p\u0159ed zah\u00e1jen\u00edm kurzu vr\u00e1cen\u00ed 100 % \u00fa\u010dastnick\u00e9ho poplatku, do 14 dn\u016f vr\u00e1cen\u00ed 50% \u00fa\u010dastnick\u00e9ho poplatku, <br \/>14 dn\u016f a m\u00e9n\u011b bez n\u00e1hrady<\/p>\t\t\t\t\t\t\t\t<\/div>\n\t\t\t\t<\/div>\n\t\t\t\t<\/div>\n\t\t\t\t\t<\/div>\n\t\t\t\t<\/div>\n\t\t<div class=\"elementor-element elementor-element-5aec17c3 e-con-full e-flex e-con e-parent\" data-id=\"5aec17c3\" data-element_type=\"container\" id=\"registrace\" data-settings=\"{&quot;background_background&quot;:&quot;gradient&quot;}\">\n\t\t\t\t<div class=\"elementor-element elementor-element-145bf14d elementor-widget elementor-widget-heading\" data-id=\"145bf14d\" data-element_type=\"widget\" data-widget_type=\"heading.default\">\n\t\t\t\t<div class=\"elementor-widget-container\">\n\t\t\t\t\t<h2 class=\"elementor-heading-title elementor-size-default\">REGISTRACE<\/h2>\t\t\t\t<\/div>\n\t\t\t\t<\/div>\n\t\t<div class=\"elementor-element elementor-element-aa3c1d5 e-flex e-con-boxed e-con e-child\" data-id=\"aa3c1d5\" data-element_type=\"container\">\n\t\t\t\t\t<div class=\"e-con-inner\">\n\t\t\t\t<div class=\"elementor-element elementor-element-e318e26 elementor-widget elementor-widget-text-editor\" data-id=\"e318e26\" data-element_type=\"widget\" data-widget_type=\"text-editor.default\">\n\t\t\t\t<div class=\"elementor-widget-container\">\n\t\t\t\t\t\t\t\t\t\n<div class=\"wpcf7 no-js\" id=\"wpcf7-f314-o1\" lang=\"cs-CZ\" dir=\"ltr\" data-wpcf7-id=\"314\">\n<div class=\"screen-reader-response\"><p role=\"status\" aria-live=\"polite\" aria-atomic=\"true\"><\/p> <ul><\/ul><\/div>\n<form action=\"\/pedaudiologie2\/wp-json\/wp\/v2\/pages\/2#wpcf7-f314-o1\" method=\"post\" class=\"wpcf7-form init\" aria-label=\"Kontaktn\u00ed formul\u00e1\u0159\" novalidate=\"novalidate\" data-status=\"init\">\n<fieldset class=\"hidden-fields-container\"><input type=\"hidden\" name=\"_wpcf7\" value=\"314\" \/><input type=\"hidden\" name=\"_wpcf7_version\" value=\"6.1.4\" \/><input type=\"hidden\" name=\"_wpcf7_locale\" value=\"cs_CZ\" \/><input type=\"hidden\" name=\"_wpcf7_unit_tag\" value=\"wpcf7-f314-o1\" \/><input type=\"hidden\" name=\"_wpcf7_container_post\" value=\"0\" \/><input type=\"hidden\" name=\"_wpcf7_posted_data_hash\" value=\"\" \/><input type=\"hidden\" name=\"_wpcf7_recaptcha_response\" value=\"\" \/>\n<\/fieldset>\n<p><label> Va\u0161e jm\u00e9no a p\u0159\u00edjmen\u00ed <span style=\"color:red\">*<\/span><br \/>\n<span class=\"wpcf7-form-control-wrap\" data-name=\"your-name\"><input size=\"40\" maxlength=\"400\" class=\"wpcf7-form-control wpcf7-text wpcf7-validates-as-required\" aria-required=\"true\" aria-invalid=\"false\" value=\"\" type=\"text\" name=\"your-name\" \/><\/span> <\/label>\n<\/p>\n<p><label> Identifika\u010dn\u00ed \u010d\u00edslo l\u00e9ka\u0159e (dle registru \u010cLK)<br \/>\n<span class=\"wpcf7-form-control-wrap\" data-name=\"clk\"><input size=\"40\" maxlength=\"400\" class=\"wpcf7-form-control wpcf7-text\" aria-invalid=\"false\" placeholder=\"bez zad\u00e1n\u00ed identifika\u010dn\u00edho \u010d\u00edsla nem\u016f\u017ee b\u00fdt vystaven certifik\u00e1t\" value=\"\" type=\"text\" name=\"clk\" \/><\/span> <\/label>\n<\/p>\n<p><label> Pracovi\u0161t\u011b (Nemocnice, klinika\/odd\u011blen\u00ed nebo Ambulance) <span style=\"color:red\">*<\/span><br \/>\n<span class=\"wpcf7-form-control-wrap\" data-name=\"pracoviste\"><input size=\"40\" maxlength=\"400\" class=\"wpcf7-form-control wpcf7-text wpcf7-validates-as-required\" aria-required=\"true\" aria-invalid=\"false\" value=\"\" type=\"text\" name=\"pracoviste\" \/><\/span> <\/label>\n<\/p>\n<p><label> Adresa pracovi\u0161t\u011b (Ulice, \u010d.p., M\u011bsto) <span style=\"color:red\">*<\/span><br \/>\n<span class=\"wpcf7-form-control-wrap\" data-name=\"adresa\"><input size=\"40\" maxlength=\"400\" class=\"wpcf7-form-control wpcf7-text wpcf7-validates-as-required\" aria-required=\"true\" aria-invalid=\"false\" value=\"\" type=\"text\" name=\"adresa\" \/><\/span> <\/label>\n<\/p>\n<p><label> Faktura\u010dn\u00ed adresa: <span style=\"color:red\">*<\/span><br \/>\n<span class=\"wpcf7-form-control-wrap\" data-name=\"fakturace\"><input size=\"40\" maxlength=\"400\" class=\"wpcf7-form-control wpcf7-text wpcf7-validates-as-required\" aria-required=\"true\" aria-invalid=\"false\" value=\"\" type=\"text\" name=\"fakturace\" \/><\/span> <\/label>\n<\/p>\n<p><label> I\u010cO: <span style=\"color:red\">*<\/span><br \/>\n<span class=\"wpcf7-form-control-wrap\" data-name=\"ico\"><input size=\"40\" maxlength=\"400\" class=\"wpcf7-form-control wpcf7-text\" aria-invalid=\"false\" value=\"\" type=\"text\" name=\"ico\" \/><\/span> <\/label>\n<\/p>\n<p><label> V\u00e1\u0161 e-mail <span style=\"color:red\">*<\/span><br \/>\n<span class=\"wpcf7-form-control-wrap\" data-name=\"your-email\"><input size=\"40\" maxlength=\"400\" class=\"wpcf7-form-control wpcf7-email wpcf7-validates-as-required wpcf7-text wpcf7-validates-as-email\" aria-required=\"true\" aria-invalid=\"false\" value=\"\" type=\"email\" name=\"your-email\" \/><\/span> <\/label>\n<\/p>\n<p><label> Telefon <span style=\"color:red\">*<\/span><br \/>\n<span class=\"wpcf7-form-control-wrap\" data-name=\"telefon\"><input size=\"40\" maxlength=\"400\" class=\"wpcf7-form-control wpcf7-text wpcf7-validates-as-required\" aria-required=\"true\" aria-invalid=\"false\" value=\"\" type=\"text\" name=\"telefon\" \/><\/span> <\/label>\n<\/p>\n<p><label> Pozn\u00e1mka<br \/>\n<span class=\"wpcf7-form-control-wrap\" data-name=\"your-message\"><textarea cols=\"40\" rows=\"10\" maxlength=\"2000\" class=\"wpcf7-form-control wpcf7-textarea\" aria-invalid=\"false\" name=\"your-message\"><\/textarea><\/span> <\/label>\n<\/p>\n<p>P\u0159e\u010dt\u011bte si pros\u00edm <a href=\"\/ochrana-osobnich-udaju\/\" target=\"_blank\">Z\u00e1sady ochrany osobn\u00edch \u00fadaj\u016f<\/a>.\n<\/p>\n<p><input class=\"wpcf7-form-control wpcf7-submit has-spinner\" type=\"submit\" value=\"Odeslat registraci\" \/>\n<\/p>\n<p>polo\u017eky ozna\u010den\u00e9 hv\u011bzdi\u010dkou jsou povinn\u00e9\n<\/p><div class=\"wpcf7-response-output\" aria-hidden=\"true\"><\/div>\n<\/form>\n<\/div>\n\t\t\t\t\t\t\t\t<\/div>\n\t\t\t\t<\/div>\n\t\t\t\t\t<\/div>\n\t\t\t\t<\/div>\n\t\t\t\t<\/div>\n\t\t<div class=\"elementor-element elementor-element-1ca89cc e-flex e-con-boxed e-con e-parent\" data-id=\"1ca89cc\" data-element_type=\"container\" id=\"kontakt\">\n\t\t\t\t\t<div class=\"e-con-inner\">\n\t\t\t\t<div class=\"elementor-element elementor-element-05fbe0d elementor-widget elementor-widget-heading\" data-id=\"05fbe0d\" data-element_type=\"widget\" data-widget_type=\"heading.default\">\n\t\t\t\t<div class=\"elementor-widget-container\">\n\t\t\t\t\t<h2 class=\"elementor-heading-title elementor-size-default\">Kontakty\n\n<\/h2>\t\t\t\t<\/div>\n\t\t\t\t<\/div>\n\t\t\t\t\t<\/div>\n\t\t\t\t<\/div>\n\t\t<div class=\"elementor-element elementor-element-737e9f8 e-flex e-con-boxed e-con e-parent\" data-id=\"737e9f8\" data-element_type=\"container\">\n\t\t\t\t\t<div class=\"e-con-inner\">\n\t\t<div class=\"elementor-element elementor-element-d96b6d6 e-con-full e-flex e-con e-child\" data-id=\"d96b6d6\" data-element_type=\"container\">\n\t\t\t\t<div class=\"elementor-element elementor-element-24aefa9 elementor-widget elementor-widget-text-editor\" data-id=\"24aefa9\" data-element_type=\"widget\" data-widget_type=\"text-editor.default\">\n\t\t\t\t<div class=\"elementor-widget-container\">\n\t\t\t\t\t\t\t\t\t<p><b>ODBORN\u00dd GARANT<\/b><\/p><p><b>MUDr. Radan Havl\u00edk, Ph.D.<\/b><\/p><p><b>AUDIO FON CENTR, s.r.o.<\/b><\/p><p>Obiln\u00ed trh 4, Brno<\/p>\t\t\t\t\t\t\t\t<\/div>\n\t\t\t\t<\/div>\n\t\t\t\t<\/div>\n\t\t<div class=\"elementor-element elementor-element-3b0de43 e-con-full e-flex e-con e-child\" data-id=\"3b0de43\" data-element_type=\"container\">\n\t\t\t\t<div class=\"elementor-element elementor-element-4e9936d elementor-widget elementor-widget-text-editor\" data-id=\"4e9936d\" data-element_type=\"widget\" data-widget_type=\"text-editor.default\">\n\t\t\t\t<div class=\"elementor-widget-container\">\n\t\t\t\t\t\t\t\t\t<p><b>ORGANIZA\u010cN\u00cd ZAJI\u0160T\u011aN\u00cd<\/b><\/p><p><b>WS Audiology CZ s.r.o..<\/b><\/p><p>Boudn\u00edkova 2538\/11<\/p><p>Praha 8<\/p>\t\t\t\t\t\t\t\t<\/div>\n\t\t\t\t<\/div>\n\t\t\t\t<\/div>\n\t\t\t\t\t<\/div>\n\t\t\t\t<\/div>\n\t\t\t\t<\/div>\n\t\t","protected":false},"excerpt":{"rendered":"<p>PEDAUDIOLOGIE II DVOUDENN\u00cd ODBORN\u00dd KURZ Praha, 14. -15. b\u0159ezna 2025 Z\u00c1KLADN\u00cd INFORMACE O KURZU Dovolujeme si v\u00e1s pozvat na odborn\u00fd kurz s pedaudiologickou t\u00e9matikou, kter\u00fd navazuje na t\u00e9mata prvn\u00edho kurzu v\u00a0\u0159\u00edjnu 2024, ale z\u00e1rove\u0148 p\u0159in\u00e1\u0161\u00ed nov\u00e1 t\u00e9mata a okruhy, zahrnuj\u00edc\u00ed mimo jin\u00e9 diagnostiku objektivn\u00edmi vy\u0161et\u0159ovac\u00edmi metodami nebo problematiku kochle\u00e1rn\u00edch implant\u00e1t\u016f u d\u011bt\u00ed. Kurz je ur\u010den [&hellip;]<\/p>\n","protected":false},"author":1,"featured_media":0,"parent":0,"menu_order":0,"comment_status":"closed","ping_status":"open","template":"elementor_header_footer","meta":{"footnotes":""},"class_list":["post-2","page","type-page","status-publish","hentry"],"_links":{"self":[{"href":"https:\/\/seminar.widex.cz\/pedaudiologie2\/wp-json\/wp\/v2\/pages\/2","targetHints":{"allow":["GET"]}}],"collection":[{"href":"https:\/\/seminar.widex.cz\/pedaudiologie2\/wp-json\/wp\/v2\/pages"}],"about":[{"href":"https:\/\/seminar.widex.cz\/pedaudiologie2\/wp-json\/wp\/v2\/types\/page"}],"author":[{"embeddable":true,"href":"https:\/\/seminar.widex.cz\/pedaudiologie2\/wp-json\/wp\/v2\/users\/1"}],"replies":[{"embeddable":true,"href":"https:\/\/seminar.widex.cz\/pedaudiologie2\/wp-json\/wp\/v2\/comments?post=2"}],"version-history":[{"count":237,"href":"https:\/\/seminar.widex.cz\/pedaudiologie2\/wp-json\/wp\/v2\/pages\/2\/revisions"}],"predecessor-version":[{"id":344,"href":"https:\/\/seminar.widex.cz\/pedaudiologie2\/wp-json\/wp\/v2\/pages\/2\/revisions\/344"}],"wp:attachment":[{"href":"https:\/\/seminar.widex.cz\/pedaudiologie2\/wp-json\/wp\/v2\/media?parent=2"}],"curies":[{"name":"wp","href":"https:\/\/api.w.org\/{rel}","templated":true}]}}